{"id":3207,"date":"2021-09-26T14:28:19","date_gmt":"2021-09-26T12:28:19","guid":{"rendered":"https:\/\/lebenstanz.info\/des-branches-lumineuses\/"},"modified":"2025-03-25T21:07:45","modified_gmt":"2025-03-25T20:07:45","slug":"des-branches-lumineuses","status":"publish","type":"page","link":"https:\/\/lebenstanz.info\/fr\/des-branches-lumineuses\/","title":{"rendered":"DES BRANCHES LUMINEUSES"},"content":{"rendered":"<p><div class=\"fusion-fullwidth fullwidth-box fusion-builder-row-1 fusion-flex-container nonhundred-percent-fullwidth non-hundred-percent-height-scrolling\" style=\"--awb-border-radius-top-left:0px;--awb-border-radius-top-right:0px;--awb-border-radius-bottom-right:0px;--awb-border-radius-bottom-left:0px;--awb-flex-wrap:wrap;\" ><div class=\"fusion-builder-row fusion-row fusion-flex-align-items-flex-start fusion-flex-content-wrap\" style=\"max-width:1216.8px;margin-left: calc(-4% \/ 2 );margin-right: calc(-4% \/ 2 );\"><div class=\"fusion-layout-column fusion_builder_column fusion-builder-column-0 fusion_builder_column_1_1 1_1 fusion-flex-column\" style=\"--awb-bg-size:cover;--awb-width-large:100%;--awb-margin-top-large:20px;--awb-spacing-right-large:1.92%;--awb-margin-bottom-large:20px;--awb-spacing-left-large:1.92%;--awb-width-medium:100%;--awb-order-medium:0;--awb-spacing-right-medium:1.92%;--awb-spacing-left-medium:1.92%;--awb-width-small:100%;--awb-order-small:0;--awb-spacing-right-small:1.92%;--awb-spacing-left-small:1.92%;\"><div class=\"fusion-column-wrapper fusion-column-has-shadow fusion-flex-justify-content-flex-start fusion-content-layout-column\"><div class=\"fusion-menu-anchor\" id=\"aeste\"><\/div><div class=\"fusion-text fusion-text-1\" style=\"--awb-text-transform:none;\"><h2>Des branches lumineuses<\/h2>\n<p>L&rsquo;organisation de la danse de la vie est en pleine mutation. La direction par une \u00e9quipe de direction est depuis de nombreuses ann\u00e9es d\u00e9j\u00e0 une direction collective. L&rsquo;\u00e9quipe dirigeante des \u00ab\u00a0danseurs du dragon*\u00a0\u00bb vivait d\u00e9j\u00e0 une forme de hi\u00e9rarchie plate. En parall\u00e8le, leurs pr\u00e9d\u00e9cesseurs, les \u00ab\u00a0pirschers dancers*\u00a0\u00bb, ont fait des c\u00e9r\u00e9monies \u00e0 ce sujet et ont pr\u00e9sent\u00e9 leur vision d&rsquo;une forme d&rsquo;organisation collective de \u00ab\u00a0cercles lumineux\u00a0\u00bb lors de la 26e danse de la vie.<\/p>\n<p>L&rsquo;image de ces \u00ab\u00a0cercles lumineux\u00a0\u00bb a d\u00e9bouch\u00e9 sur le processus de leadership collectif, \u00e9galement appel\u00e9 \u00ab\u00a0faire ensemble\u00a0\u00bb, initi\u00e9 notamment par Gertrud Arnold-Taha. L&rsquo;objectif est que la structure de la danse de vie \u00e9volue vers une nouvelle forme contemporaine, afin que les connaissances c\u00e9r\u00e9monielles et tonales (utilisables au quotidien) de cette c\u00e9r\u00e9monie soient gard\u00e9es et transmises au sein de la communaut\u00e9.<\/p>\n<p>Lors de la Mesa magique 2019, nous avons pos\u00e9 avec tous les participants* les premiers jalons de la mise en \u0153uvre de cette vision des cercles lumineux. Le r\u00e9sultat de ce processus a \u00e9t\u00e9 pr\u00e9sent\u00e9 lors de la 27e danse de la vie \u00e0 Lavaldieu et poursuivi par un groupe plus important. L&rsquo;image des cercles lumineux est devenue des branches lumineuses qui peuvent contenir diff\u00e9rents cercles et groupes plus petits. La communication et la mise en r\u00e9seau se font au niveau des branches par le biais de r\u00e9unions zoom. Tu trouveras ici les coordinateurs* de ces branches :<\/p>\n<p><span style=\"color: #ff6600;\">(Les liens s&rsquo;ouvrent dans ton programme de messagerie. Si tu n&rsquo;en utilises pas, tu peux copier le lien dans un mail).<\/span><\/p>\n<\/div><div class=\"fusion-text fusion-text-2 fusion-no-small-visibility\" style=\"--awb-text-transform:none;\"><table border=\"0\" width=\"1157\" cellspacing=\"0\" cellpadding=\"0\">\n<colgroup>\n<col width=\"439\">\n<col width=\"393\">\n<col width=\"325\"><\/colgroup>\n<tbody>\n<tr>\n<td class=\"xl65\" width=\"439\" height=\"35\">\u00c9quipe chor\u00e9graphique<\/td>\n<td class=\"xl65\" width=\"393\">Ir\u00e8ne Muser Rui<\/td>\n<td class=\"xl66\" width=\"325\"><a href=\"mailto:kontakt@lebenstanz.info\">kontakt@lebenstanz.info<\/a><\/td>\n<\/tr>\n<tr>\n<td class=\"xl65\" height=\"35\">C\u00e9r\u00e9monies<\/td>\n<td class=\"xl65\">\n<div><span lang=\"NL\">Antje Unger et J\u00fcrgen Sch\u00fctz<\/span><\/div>\n<\/td>\n<td class=\"xl66\">\n<div><a href=\"mailto:info@himmelssteine.de\" target=\"_blank\" rel=\"noopener\">info@himmelssteine.de<\/a><\/div>\n<\/td>\n<\/tr>\n<tr>\n<td class=\"xl65\" height=\"35\">Gu\u00e9rison<\/td>\n<td class=\"xl65\">Flurina Campolongo<\/td>\n<td class=\"xl66\"><a href=\"mailto:heilung@lebenstanz.info\">heilung@lebenstanz.info<\/a><\/td>\n<\/tr>\n<tr>\n<td class=\"xl65\" height=\"35\">Structure<\/td>\n<td class=\"xl65\">\n<div><span lang=\"DA\">Ellen Clauss<\/span><\/div>\n<\/td>\n<td class=\"xl66\">\n<div><span lang=\"IT\"><a href=\"mailto:eclauss33@gmail.com\" target=\"_blank\" rel=\"noopener\">eclauss33@gmail.com<\/a><\/span><\/div>\n<\/td>\n<\/tr>\n<tr>\n<td class=\"xl65\" height=\"35\">Choristes*<\/td>\n<td class=\"xl65\">B\u00e4rbel Oftring<\/td>\n<td class=\"xl66\"><a href=\"mailto:singen@lebenstanz.info\">singen@lebenstanz.info<\/a><\/td>\n<\/tr>\n<tr>\n<td class=\"xl65\" height=\"35\">Gardiens* + huttes de sudation<\/td>\n<td class=\"xl65\">\n<div><span lang=\"EN-US\">Sigi Plongeur<\/span><\/div>\n<\/td>\n<td class=\"xl66\">\n<div><a href=\"mailto:sigi.taucher@bluewin.ch\" target=\"_blank\" rel=\"noopener\">sigi.taucher@bluewin.ch<\/a><\/div>\n<\/td>\n<\/tr>\n<tr>\n<td class=\"xl65\" height=\"35\">Les jeunes \u00e0 la danse<\/td>\n<td class=\"xl65\">Maya Warthon<\/td>\n<td class=\"xl66\">\n<div><a href=\"mailto:maya.warthon@stud.abk-stuttgart.de\">maya.warthon@stud.abk-stuttgart.de<\/a><\/div>\n<\/td>\n<\/tr>\n<tr>\n<td class=\"xl65\" height=\"35\">Danse d\u00e9centralis\u00e9e + Bourgeon de r\u00eave<\/td>\n<td class=\"xl65\">Gertrud Arnold-Taha<\/td>\n<td class=\"xl66\"><a href=\"mailto:traumknospe@lebenstanz.info\" target=\"_blank\" rel=\"noopener\">traumknospe@lebenstanz.info<\/a><\/td>\n<\/tr>\n<\/tbody>\n<\/table>\n<\/div><div class=\"fusion-text fusion-text-3 fusion-no-medium-visibility fusion-no-large-visibility\" style=\"--awb-text-transform:none;\"><p>\u00c9quipe de chor\u00e9graphie : Ir\u00e8ne Muser Rui, <a href=\"mailto:kontakt@lebenstanz.info\" target=\"_blank\" rel=\"noopener\">kontakt@lebenstanz.info<\/a><br \/>\nC\u00e9r\u00e9monies : <span lang=\"NL\">Antje<\/span> Unger et<span lang=\"EN-US\"> J\u00fcrgen <\/span>Sch\u00fctz, <a href=\"mailto:info@himmelssteine.de\" target=\"_blank\" rel=\"noopener\">info@himmelssteine.de<\/a><b><br \/>\n<\/b>Gu\u00e9rison : Flurina Campolongo, <a href=\"mailto:heilung@lebenstanz.info\" target=\"_blank\" rel=\"noopener\">heilung@lebenstanz.info<\/a><br \/>\nConstruction : <span lang=\"DA\">Ellen <\/span>Clauss, <a href=\"mailto:eclauss33@gmail.com\"><span lang=\"IT\">eclauss33@gmail.com<\/span><\/a><b><span lang=\"IT\"><br \/>\n<\/span><\/b>Chanteurs* : B\u00e4rbel Oftring, <a href=\"mailto:saengertreffen2022@gmx.de\" target=\"_blank\" rel=\"noopener\">saengertreffen2022@gmx.de<\/a><br \/>\nGardiens* + huttes de sudation : <span lang=\"EN-US\">Sigi <\/span>Taucher, <a href=\"mailto:sigi.taucher@bluewin.ch\">sigi.taucher@bluewin.ch<\/a><b><br \/>\n<\/b>Jeunes \u00e0 la danse : Maya Warthon, <a href=\"mailto:maya.warthon@stud.abk-stuttgart.de\">maya.warthon@stud.abk-stuttgart.de<\/a><br \/>\nDanse d\u00e9centralis\u00e9e + Bourgeon de r\u00eave : Gertrud Arnold-Taha, <a href=\"mailto:traumknospe@lebenstanz.info\" target=\"_blank\" rel=\"noopener\">traumknospe@lebenstanz.info<\/a><\/p>\n<\/div><\/div><\/div><\/div><\/div><div class=\"fusion-fullwidth fullwidth-box fusion-builder-row-2 fusion-flex-container nonhundred-percent-fullwidth non-hundred-percent-height-scrolling\" style=\"--awb-border-radius-top-left:0px;--awb-border-radius-top-right:0px;--awb-border-radius-bottom-right:0px;--awb-border-radius-bottom-left:0px;--awb-flex-wrap:wrap;\" ><div class=\"fusion-builder-row fusion-row fusion-flex-align-items-flex-start fusion-flex-justify-content-center fusion-flex-content-wrap\" style=\"max-width:1216.8px;margin-left: calc(-4% \/ 2 );margin-right: calc(-4% \/ 2 );\"><div class=\"fusion-layout-column fusion_builder_column fusion-builder-column-1 fusion_builder_column_1_1 1_1 fusion-flex-column\" style=\"--awb-bg-size:cover;--awb-width-large:100%;--awb-margin-top-large:20px;--awb-spacing-right-large:1.92%;--awb-margin-bottom-large:20px;--awb-spacing-left-large:1.92%;--awb-width-medium:100%;--awb-order-medium:0;--awb-spacing-right-medium:1.92%;--awb-spacing-left-medium:1.92%;--awb-width-small:100%;--awb-order-small:0;--awb-spacing-right-small:1.92%;--awb-spacing-left-small:1.92%;\"><div class=\"fusion-column-wrapper fusion-column-has-shadow fusion-flex-justify-content-flex-start fusion-content-layout-column\"><div class=\"fusion-title title fusion-title-1 fusion-title-center fusion-title-text fusion-title-size-three\" style=\"--awb-margin-top-small:0px;--awb-margin-right-small:0px;--awb-margin-bottom-small:20px;--awb-margin-left-small:0px;\"><div class=\"title-sep-container title-sep-container-left\"><div class=\"title-sep sep- sep-solid\" style=\"border-color:#e0dede;\"><\/div><\/div><span class=\"awb-title-spacer\"><\/span><h3 class=\"fusion-title-heading title-heading-center fusion-responsive-typography-calculated\" style=\"margin:0;--fontSize:28;--minFontSize:28;line-height:1.25;\"><h3>Contact avec les branches lumineuses<\/h3><\/h3><span class=\"awb-title-spacer\"><\/span><div class=\"title-sep-container title-sep-container-right\"><div class=\"title-sep sep- sep-solid\" style=\"border-color:#e0dede;\"><\/div><\/div><\/div><\/div><\/div><div class=\"fusion-layout-column fusion_builder_column fusion-builder-column-2 fusion_builder_column_3_4 3_4 fusion-flex-column\" style=\"--awb-bg-size:cover;--awb-width-large:75%;--awb-margin-top-large:20px;--awb-spacing-right-large:4.48%;--awb-margin-bottom-large:20px;--awb-spacing-left-large:4.48%;--awb-width-medium:100%;--awb-order-medium:0;--awb-spacing-right-medium:1.92%;--awb-spacing-left-medium:1.92%;--awb-width-small:100%;--awb-order-small:0;--awb-spacing-right-small:1.92%;--awb-spacing-left-small:1.92%;\"><div class=\"fusion-column-wrapper fusion-column-has-shadow fusion-flex-justify-content-flex-start fusion-content-layout-column\"><div class=\"fusion-menu-anchor\" id=\"organisation\"><\/div><div class=\"accordian fusion-accordian\" style=\"--awb-border-size:0px;--awb-icon-size:27px;--awb-content-font-size:18px;--awb-icon-alignment:right;--awb-hover-color:#f9f9f9;--awb-border-color:#cccccc;--awb-background-color:#ffffff;--awb-divider-color:#b9afa1;--awb-divider-hover-color:#b9afa1;--awb-icon-color:#b9afa1;--awb-title-color:#b9afa1;--awb-content-color:#375487;--awb-icon-box-color:#6f727b;--awb-toggle-hover-accent-color:#b9afa1;--awb-title-font-family:&quot;Open Sans&quot;;--awb-title-font-weight:400;--awb-title-font-style:normal;--awb-title-font-size:20px;--awb-content-font-family:&quot;Open Sans&quot;;--awb-content-font-style:normal;--awb-content-font-weight:400;\"><div class=\"panel-group fusion-toggle-icon-right fusion-toggle-icon-unboxed\" id=\"accordion-3207-1\"><div class=\"fusion-panel panel-default panel-ea06259e2b5351314 fusion-toggle-has-divider\"><div class=\"panel-heading\"><h4 class=\"panel-title toggle\" id=\"toggle_ea06259e2b5351314\"><a aria-expanded=\"false\" aria-controls=\"ea06259e2b5351314\" role=\"button\" data-toggle=\"collapse\" data-target=\"#ea06259e2b5351314\" href=\"#ea06259e2b5351314\"><span class=\"fusion-toggle-icon-wrapper\" aria-hidden=\"true\"><i class=\"fa-fusion-box active-icon awb-icon-minus\" aria-hidden=\"true\"><\/i><i class=\"fa-fusion-box inactive-icon awb-icon-plus\" aria-hidden=\"true\"><\/i><\/span><span class=\"fusion-toggle-heading\">\u00c9quipe chor\u00e9graphique<\/span><\/a><\/h4><\/div><div id=\"ea06259e2b5351314\" class=\"panel-collapse collapse \" aria-labelledby=\"toggle_ea06259e2b5351314\"><div class=\"panel-body toggle-content fusion-clearfix\">\n<h2>Branche lumineuse de l&rsquo;\u00e9quipe chor\u00e9graphique<\/h2>\n<h4>T\u00e2ches<\/h4>\n<p>Organisation de la danse de la vie et coordination des branches lumineuses.<\/p>\n<p><strong>Posture et orientation<\/strong><\/p>\n<p>1. l&rsquo;\u00e9quipe de chor\u00e9graphie remplace partiellement l&rsquo;\u00e9quipe de direction actuelle et tient l&rsquo;espace pour la danse de la vie avec c\u0153ur et savoir, m\u00eame pendant l&rsquo;ann\u00e9e. Il permet, avec les Branches lumineuses et les diff\u00e9rents ressorts sur place, la prochaine danse de la vie en pr\u00e9sence \u00e0 Lavaldieu en France.<\/p>\n<p>Celui-ci peut \u00eatre compl\u00e9t\u00e9 ou remplac\u00e9 par des danses d\u00e9centralis\u00e9es lorsque des personnes ne peuvent ou ne veulent pas se d\u00e9placer, par exemple en raison de la pand\u00e9mie. La pr\u00e9paration de ces danses individuelles dans diff\u00e9rents lieux incombe \u00e0 une autre \u00e9quipe qui doit encore \u00eatre constitu\u00e9e.<\/p>\n<p>2. en tant qu&rsquo;\u00e9quipe chor\u00e9graphique, nous sommes en contact avec l&rsquo;association Beyond, qui est notamment responsable des finances, avec les branches lumineuses, avec nos a\u00een\u00e9s (Barbara et Robert, G\u00fcnther et Waheo) ainsi qu&rsquo;avec les propri\u00e9taires des terrains et l&rsquo;\u00e9quipe de cuisine de Lavaldieu en France. Ce faisant, nous regroupons les informations et les transmettons aux branches lumineuses de la mani\u00e8re la plus transparente et la plus opportune possible.<\/p>\n<p>3. au sein de l&rsquo;\u00e9quipe chor\u00e9graphique, nous nous effor\u00e7ons de travailler de mani\u00e8re \u00e9quitable, cr\u00e9ative et efficace ; les \u00e9ventuelles d\u00e9cisions sont prises de mani\u00e8re consensuelle. Chaque fois que cela est possible, en concertation avec les coordinateurs* des Branches lumineuses. Nous faisons confiance aux comp\u00e9tences des personnes du collectif de la danse de vie et entretenons une communication de c\u0153ur \u00e0 c\u0153ur : dans un \u00e9change ouvert, clair et courtois. En cas de conflit, nous nous rappelons mutuellement l&rsquo;objectif commun et, si n\u00e9cessaire, nous demandons de l&rsquo;aide ou une m\u00e9diation.<\/p>\n<p>4. l&rsquo;\u00e9quipe de chor\u00e9graphie est responsable de l&rsquo;alchimie appliqu\u00e9e \u00e0 Lavaldieu, en collaboration avec la branche lumineuse des c\u00e9r\u00e9monies et l&rsquo;\u00e9quipe des c\u00e9r\u00e9monies.<\/p>\n<p>Si, du point de vue de l&rsquo;\u00e9quipe chor\u00e9graphique, la protection du collectif \u00e0 la danse de vie est menac\u00e9e, elle est l\u00e9gitime \u00e0 poser des limites. Cela vaut bien s\u00fbr aussi pour les pompiers, le personnel de sant\u00e9 ou la police du pays d&rsquo;accueil, dont nous devons respecter les r\u00e8gles.<\/p>\n<p>5. en tant qu&rsquo;\u00e9quipe chor\u00e9graphique, nous avons une vision pragmatique de ce qui est faisable, nous identifions les dogmes le plus t\u00f4t possible et nous mettons en \u0153uvre les changements avec courage et humilit\u00e9.<\/p>\n<p>6. beaucoup d&rsquo;entre nous ont dans\u00e9 et r\u00eav\u00e9 lors de la 30e danse de vie pour une nouvelle forme de direction de la danse de vie. Nous sommes au c\u0153ur de ce processus passionnant, auquel tu es cordialement invit\u00e9 \u00e0 participer et \u00e0 t&rsquo;impliquer dans les Branches lumineuses.<\/p>\n<h4>Coordination :<\/h4>\n<p>Ir\u00e8ne Muser Rui  <a href=\"mailto:kontakt@lebenstanz.info\" target=\"_blank\" rel=\"noopener\">kontakt@lebenstanz.info<\/a><\/p>\n<h4>Documents et t\u00e9l\u00e9chargements<\/h4>\n<\/div><\/div><\/div><\/div><\/div><div class=\"fusion-menu-anchor\" id=\"zeremonien\"><\/div><div class=\"accordian fusion-accordian\" style=\"--awb-border-size:0px;--awb-icon-size:27px;--awb-content-font-size:18px;--awb-icon-alignment:right;--awb-hover-color:#f9f9f9;--awb-border-color:#cccccc;--awb-background-color:#ffffff;--awb-divider-color:#b9afa1;--awb-divider-hover-color:#b9afa1;--awb-icon-color:#b9afa1;--awb-title-color:#b9afa1;--awb-content-color:#375487;--awb-icon-box-color:#6f727b;--awb-toggle-hover-accent-color:#b9afa1;--awb-title-font-family:&quot;Open Sans&quot;;--awb-title-font-weight:400;--awb-title-font-style:normal;--awb-title-font-size:20px;--awb-content-font-family:&quot;Open Sans&quot;;--awb-content-font-style:normal;--awb-content-font-weight:400;\"><div class=\"panel-group fusion-toggle-icon-right fusion-toggle-icon-unboxed\" id=\"accordion-3207-2\"><div class=\"fusion-panel panel-default panel-11ac99f06230f875f fusion-toggle-has-divider\"><div class=\"panel-heading\"><h4 class=\"panel-title toggle\" id=\"toggle_11ac99f06230f875f\"><a aria-expanded=\"false\" aria-controls=\"11ac99f06230f875f\" role=\"button\" data-toggle=\"collapse\" data-target=\"#11ac99f06230f875f\" href=\"#11ac99f06230f875f\"><span class=\"fusion-toggle-icon-wrapper\" aria-hidden=\"true\"><i class=\"fa-fusion-box active-icon awb-icon-minus\" aria-hidden=\"true\"><\/i><i class=\"fa-fusion-box inactive-icon awb-icon-plus\" aria-hidden=\"true\"><\/i><\/span><span class=\"fusion-toggle-heading\">C\u00e9r\u00e9monies<\/span><\/a><\/h4><\/div><div id=\"11ac99f06230f875f\" class=\"panel-collapse collapse \" aria-labelledby=\"toggle_11ac99f06230f875f\"><div class=\"panel-body toggle-content fusion-clearfix\">\n<h3>Branche lumineuse des c\u00e9r\u00e9monies<\/h3>\n<h4>T\u00e2che<\/h4>\n<div class=\"textLayer\">\n<p><span dir=\"ltr\" role=\"presentation\">Organisation de l&rsquo;\u00e9quipe de c\u00e9r\u00e9monie pour la danse de la vie \u00e0 Lavaldieu, <\/span><span dir=\"ltr\" role=\"presentation\">Elaboration de bases importantes de la danse, dans le cercle de l&rsquo;alchimie et depuis 2022 dans le cercle du <\/span> <span dir=\"ltr\" role=\"presentation\">danse d\u00e9centralis\u00e9e. Sur le site  <\/span><span dir=\"ltr\" role=\"presentation\">cercle de l&rsquo;image de sable et en coordination avec la mesa magique, nous r\u00eavons la <\/span><span dir=\"ltr\" role=\"presentation\">pour la danse \u00e0 venir.<\/span><\/p>\n<\/div>\n<h4>Posture et orientation<\/h4>\n<div class=\"textLayer\">\n<p><span dir=\"ltr\" role=\"presentation\">Le savoir alchimique et l&rsquo;\u00e9nergie qui en d\u00e9coule constituent la base des c\u00e9r\u00e9monies. <\/span><span dir=\"ltr\" role=\"presentation\">c\u00e9r\u00e9monies dans cette danse. <\/span><span dir=\"ltr\" role=\"presentation\">Pour mettre en \u0153uvre ce savoir, il faut de la sobri\u00e9t\u00e9 et de la clart\u00e9. <\/span><span dir=\"ltr\" role=\"presentation\">Le savoir, au sens o\u00f9 nous l&rsquo;entendons ici, c&rsquo;est la volont\u00e9 d&rsquo;apprendre, d&rsquo;en appliquer l&rsquo;efficacit\u00e9 dans le corps. <\/span><span dir=\"ltr\" role=\"presentation\">La connaissance est une aptitude \u00e0 faire l&rsquo;exp\u00e9rience du corps et \u00e0 la pratiquer au quotidien.<\/span><\/p>\n<p><span dir=\"ltr\" role=\"presentation\">Notre c\u00e9r\u00e9monie de la danse de la vie est bas\u00e9e sur diff\u00e9rentes traditions des peuples indig\u00e8nes d&rsquo;Am\u00e9rique et nous la c\u00e9l\u00e9brons en lien avec nos racines europ\u00e9ennes. <\/span><span dir=\"ltr\" role=\"presentation\">nos racines europ\u00e9ennes. <\/span><span dir=\"ltr\" role=\"presentation\">L&rsquo;une des particularit\u00e9s est que nous int\u00e9grons d&rsquo;autres cultures et d&rsquo;autres sources de sagesse spirituelle, en particulier lors de la c\u00e9r\u00e9monie de l&rsquo;arbre de vie. <\/span><span dir=\"ltr\" role=\"presentation\">lors de la c\u00e9r\u00e9monie de plantation d&rsquo;arbres, au cours de laquelle nous invitons huit voies spirituelles importantes dans les huit points cardinaux. <\/span> <\/p>\n<p><span dir=\"ltr\" role=\"presentation\">Ce faisant, nous pr\u00e9servons et expliquons l&rsquo;alchimie et les structures, de sorte que nous sachions et comprenions, <\/span><span dir=\"ltr\" role=\"presentation\">ce que nous faisons. <\/span><span dir=\"ltr\" role=\"presentation\">Du d\u00e9but \u00e0 la fin, toute la danse est une grande <\/span><span dir=\"ltr\" role=\"presentation\">c\u00e9r\u00e9monie coh\u00e9rente, reli\u00e9e \u00e0 l&rsquo;int\u00e9rieur et \u00e0 l&rsquo;ext\u00e9rieur, qui est accompagn\u00e9e par l&rsquo;archet. <\/span><span dir=\"ltr\" role=\"presentation\">est encadr\u00e9e et tenue par l&rsquo;archet. <\/span><span dir=\"ltr\" role=\"presentation\">Les c\u00e9r\u00e9monies porteuses sont r\u00e9parties entre l&rsquo;\u00e9quipe de c\u00e9r\u00e9monie, l&rsquo;\u00e9quipe de direction de la danse et l&rsquo;\u00e9quipe d&rsquo;animation. <\/span><span dir=\"ltr\" role=\"presentation\">l&rsquo;\u00e9quipe de la hutte de sudation et l&rsquo;\u00e9quipe de l&rsquo;image de sable.<\/span><\/p>\n<p><strong><span dir=\"ltr\" role=\"presentation\">Informations pour les personnes int\u00e9ress\u00e9es :  <\/span><\/strong><br role=\"presentation\"><span dir=\"ltr\" role=\"presentation\">&#8211; <strong>lors de la danse elle-m\u00eame :<\/strong><\/span><span dir=\"ltr\" role=\"presentation\"> d<\/span><span dir=\"ltr\" role=\"presentation\">l&rsquo;\u00e9quipe de c\u00e9r\u00e9monie peut enregistrer des questions sur le d\u00e9roulement et les c\u00e9r\u00e9monies, <\/span> <span dir=\"ltr\" role=\"presentation\">  r\u00e9pondre directement ou transmettre. Pour les danseurs* de premi\u00e8re ann\u00e9e, il y a  <\/span><span dir=\"ltr\" role=\"presentation\">des offres sp\u00e9ciales.<\/span><br role=\"presentation\"><span dir=\"ltr\" role=\"presentation\">&#8211;<strong> avant la danse<\/strong><\/span><span dir=\"ltr\" role=\"presentation\">Participation \u00e0 la mesa magique en pr\u00e9paration de la danse, participation \u00e0 des ateliers de danse<strong>.<\/strong> <\/span> <span dir=\"ltr\" role=\"presentation\">\u00e0 des s\u00e9minaires. Les personnes int\u00e9ress\u00e9es sont pri\u00e9es de s&rsquo;adresser \u00e0 la coordinatrice, \u00e0 la branche lumineuse \u00ab\u00a0Transmettre le savoir\u00a0\u00bb ou \u00e0 un membre de l&rsquo;\u00e9quipe.<\/span><span dir=\"ltr\" role=\"presentation\">un lieu d&rsquo;enseignement du chamanisme contemporain. Voir les liens sous l&rsquo;onglet \u00ab\u00a0Contact\u00a0\u00bb et \u00ab\u00a0R\u00e9seau\u00a0\u00bb.<\/span><\/p>\n<\/div>\n<h4>Activit\u00e9s et rendez-vous<\/h4>\n<ul>\n<li><span dir=\"ltr\" role=\"presentation\">Cercle de pipe de la nouvelle lune, cercle de pipe de la pleine lune, aide \u00e0 la cr\u00e9ation d&rsquo;autres <\/span><span dir=\"ltr\" role=\"presentation\">Cercles de pipe.<\/span><\/li>\n<li><span dir=\"ltr\" role=\"presentation\">Participation \u00e0 la mesa magique.<\/span><\/li>\n<li><span dir=\"ltr\" role=\"presentation\">Nous rassemblons et diffusons les c\u00e9r\u00e9monies cr\u00e9\u00e9es dans le collectif de la danse de vie.  <\/span><\/li>\n<\/ul>\n<h4>Coordination<\/h4>\n<div>\n<p class=\"Text\"><span lang=\"NL\">Antje<\/span> Unger et J\u00fcrgen Sch\u00fctz, <a href=\"mailto:info@himmelssteine.de\" target=\"_blank\" rel=\"noopener\">info@himmelssteine.de<\/a><\/p>\n<\/div>\n<h4>Documents et t\u00e9l\u00e9chargements<\/h4>\n<\/div><\/div><\/div><\/div><\/div><div class=\"fusion-menu-anchor\" id=\"heilung\"><\/div><div class=\"accordian fusion-accordian\" style=\"--awb-border-size:0px;--awb-icon-size:27px;--awb-content-font-size:18px;--awb-icon-alignment:right;--awb-hover-color:#f9f9f9;--awb-border-color:#cccccc;--awb-background-color:#ffffff;--awb-divider-color:#b9afa1;--awb-divider-hover-color:#b9afa1;--awb-icon-color:#b9afa1;--awb-title-color:#b9afa1;--awb-content-color:#375487;--awb-icon-box-color:#6f727b;--awb-toggle-hover-accent-color:#b9afa1;--awb-title-font-family:&quot;Open Sans&quot;;--awb-title-font-weight:400;--awb-title-font-style:normal;--awb-title-font-size:20px;--awb-content-font-family:&quot;Open Sans&quot;;--awb-content-font-style:normal;--awb-content-font-weight:400;\"><div class=\"panel-group fusion-toggle-icon-right fusion-toggle-icon-unboxed\" id=\"accordion-3207-3\"><div class=\"fusion-panel panel-default panel-5aea9bdcb7348e90a fusion-toggle-has-divider\"><div class=\"panel-heading\"><h4 class=\"panel-title toggle\" id=\"toggle_5aea9bdcb7348e90a\"><a aria-expanded=\"false\" aria-controls=\"5aea9bdcb7348e90a\" role=\"button\" data-toggle=\"collapse\" data-target=\"#5aea9bdcb7348e90a\" href=\"#5aea9bdcb7348e90a\"><span class=\"fusion-toggle-icon-wrapper\" aria-hidden=\"true\"><i class=\"fa-fusion-box active-icon awb-icon-minus\" aria-hidden=\"true\"><\/i><i class=\"fa-fusion-box inactive-icon awb-icon-plus\" aria-hidden=\"true\"><\/i><\/span><span class=\"fusion-toggle-heading\">Gu\u00e9rison<\/span><\/a><\/h4><\/div><div id=\"5aea9bdcb7348e90a\" class=\"panel-collapse collapse \" aria-labelledby=\"toggle_5aea9bdcb7348e90a\"><div class=\"panel-body toggle-content fusion-clearfix\">\n<h3>Branche lumineuse de la gu\u00e9rison<\/h3>\n<h4>T\u00e2che<\/h4>\n<p>Transmission de techniques de gu\u00e9rison chamanique et organisation et gestion de l&rsquo;abri de gu\u00e9rison lors de la danse.<\/p>\n<h4>Posture et orientation<\/h4>\n<p>Consid\u00e8re et entoure ce qui suit<\/p>\n<p>La vie est \u00e9ph\u00e9m\u00e8re : mouvement d&rsquo;\u00e9quilibre \u00e0 d\u00e9s\u00e9quilibre \u00e0 \u00e9quilibre &#8230;<\/p>\n<p>Nous sommes un os creux, nous laissons la gu\u00e9rison se produire et nous reconnaissons que, m\u00eame si nous sommes &lsquo;malades&rsquo;, nous sommes gu\u00e9ris.<\/p>\n<p>Nous \u00e9coutons notre voix int\u00e9rieure, nous nous laissons guider par elle, nous explorons et vivons chaque jour notre m\u00e9decine en interaction attentive avec tout ce qui se pr\u00e9sente \u00e0 nous.<\/p>\n<div class=\"fusion-image-element \" style=\"--awb-caption-title-font-family:var(--h2_typography-font-family);--awb-caption-title-font-weight:var(--h2_typography-font-weight);--awb-caption-title-font-style:var(--h2_typography-font-style);--awb-caption-title-size:var(--h2_typography-font-size);--awb-caption-title-transform:var(--h2_typography-text-transform);--awb-caption-title-line-height:var(--h2_typography-line-height);--awb-caption-title-letter-spacing:var(--h2_typography-letter-spacing);\"><span class=\" fusion-imageframe imageframe-none imageframe-1 hover-type-none\"><img decoding=\"async\" width=\"1024\" height=\"600\" title=\"Branche curative\" src=\"https:\/\/lebenstanz.info\/wp-content\/uploads\/2022\/02\/Heilast-1024x600.jpg\" alt class=\"img-responsive wp-image-3049 disable-lazyload\" srcset=\"https:\/\/lebenstanz.info\/wp-content\/uploads\/2022\/02\/Heilast-200x117.jpg 200w, https:\/\/lebenstanz.info\/wp-content\/uploads\/2022\/02\/Heilast-400x234.jpg 400w, https:\/\/lebenstanz.info\/wp-content\/uploads\/2022\/02\/Heilast-600x352.jpg 600w, https:\/\/lebenstanz.info\/wp-content\/uploads\/2022\/02\/Heilast-800x469.jpg 800w, https:\/\/lebenstanz.info\/wp-content\/uploads\/2022\/02\/Heilast-1200x703.jpg 1200w, https:\/\/lebenstanz.info\/wp-content\/uploads\/2022\/02\/Heilast.jpg 1682w\" sizes=\"(max-width: 1050px) 100vw, (max-width: 640px) 100vw, 1200px\" \/><\/span><\/div>\n<p><em><u class=\"\">REMARQUE<\/u>: Le travail chamanique et la rencontre dans l&rsquo;espace de gu\u00e9rison font partie de la c\u00e9r\u00e9monie de la danse de vie. La \u00ab\u00a0gu\u00e9rison\u00a0\u00bb s&rsquo;entend comme une \u00ab\u00a0attitude de mise en relation, d&rsquo;\u00e9quilibre et de ressourcement\u00a0\u00bb <u class=\"\">et ne remplace en aucun cas le diagnostic ou le traitement de maladies et le traitement m\u00e9dical n\u00e9cessaire dans ce contexte.<\/u><\/em><\/p>\n<h4><\/h4>\n<h4>Activit\u00e9s et rendez-vous<\/h4>\n<p>Pendant la c\u00e9r\u00e9monie de la danse de la vie, nous cr\u00e9ons un espace de gu\u00e9rison, l&rsquo;espace de gu\u00e9rison de la terre. Y participer est une bonne occasion d&rsquo;appliquer son propre faire de gu\u00e9rison et de vivre la danse de vie de ce point de vue comme une c\u00e9r\u00e9monie de gu\u00e9rison. Il faut un peu de courage et de confiance en ses propres actions. La salle de gu\u00e9rison terrestre est avant tout destin\u00e9e \u00e0 permettre aux danseurs* qui ont perdu leur \u00e9quilibre de le retrouver afin de pouvoir continuer \u00e0 danser pour des visions personnelles et collectives. Les outils et le travail s&rsquo;acqui\u00e8rent facilement au cours de l&rsquo;ann\u00e9e. Participer \u00e0 l&rsquo;espace de gu\u00e9rison pendant la c\u00e9r\u00e9monie favorise la confiance en ses propres capacit\u00e9s pour faire un travail de gu\u00e9rison m\u00eame en cours d&rsquo;ann\u00e9e. Que ce soit lors de la danse de la vie ou en cours d&rsquo;ann\u00e9e, la confiance se construit par l&rsquo;action. Si tu te sens appel\u00e9, c&rsquo;est \u00e0 toi que cela s&rsquo;adresse. Le courage vient quand on \u00ab\u00a0fait\u00a0\u00bb.<\/p>\n<p>Vous savez peut-\u00eatre que vous souhaitez participer \u00e0 la danse de la vie au sein de l&rsquo;\u00e9quipe de gu\u00e9rison au cours de l&rsquo;\u00e9t\u00e9 2025. Ou tu es int\u00e9ress\u00e9(e) par l&rsquo;approfondissement de tes connaissances en mati\u00e8re de gu\u00e9rison chamanique. Nous vous invitons \u00e0 vous joindre \u00e0 nous : Int\u00e9ress\u00e9(e) ? Curieux ? &#8211; contactez-nous !<\/p>\n<h4>Coordination<\/h4>\n<p>xxx  <a href=\"mailto:heilung@lebenstanz.info\" target=\"_blank\" rel=\"noopener\">heilung@lebenstanz.info<\/a><\/p>\n<\/div><\/div><\/div><\/div><\/div><div class=\"fusion-menu-anchor\" id=\"aufbau\"><\/div><div class=\"accordian fusion-accordian\" style=\"--awb-border-size:0px;--awb-icon-size:27px;--awb-content-font-size:18px;--awb-icon-alignment:right;--awb-hover-color:#f9f9f9;--awb-border-color:#cccccc;--awb-background-color:#ffffff;--awb-divider-color:#b9afa1;--awb-divider-hover-color:#b9afa1;--awb-icon-color:#b9afa1;--awb-title-color:#b9afa1;--awb-content-color:#375487;--awb-icon-box-color:#6f727b;--awb-toggle-hover-accent-color:#b9afa1;--awb-title-font-family:&quot;Open Sans&quot;;--awb-title-font-weight:400;--awb-title-font-style:normal;--awb-title-font-size:20px;--awb-content-font-family:&quot;Open Sans&quot;;--awb-content-font-style:normal;--awb-content-font-weight:400;\"><div class=\"panel-group fusion-toggle-icon-right fusion-toggle-icon-unboxed\" id=\"accordion-3207-4\"><div class=\"fusion-panel panel-default panel-2a3678a3bd81d6df0 fusion-toggle-has-divider\"><div class=\"panel-heading\"><h4 class=\"panel-title toggle\" id=\"toggle_2a3678a3bd81d6df0\"><a aria-expanded=\"false\" aria-controls=\"2a3678a3bd81d6df0\" role=\"button\" data-toggle=\"collapse\" data-target=\"#2a3678a3bd81d6df0\" href=\"#2a3678a3bd81d6df0\"><span class=\"fusion-toggle-icon-wrapper\" aria-hidden=\"true\"><i class=\"fa-fusion-box active-icon awb-icon-minus\" aria-hidden=\"true\"><\/i><i class=\"fa-fusion-box inactive-icon awb-icon-plus\" aria-hidden=\"true\"><\/i><\/span><span class=\"fusion-toggle-heading\">Structure<\/span><\/a><\/h4><\/div><div id=\"2a3678a3bd81d6df0\" class=\"panel-collapse collapse \" aria-labelledby=\"toggle_2a3678a3bd81d6df0\"><div class=\"panel-body toggle-content fusion-clearfix\">\n<h3>Branche lumineuse de la construction et du sanctuaire de l&rsquo;eau<\/h3>\n<h4>T\u00e2che<\/h4>\n<p>Parmi nos t\u00e2ches vari\u00e9es, on trouve le montage de l&rsquo;arboretum, la remise en \u00e9tat du four, les tentes, l&rsquo;installation \u00e9lectrique, les huttes de sudation, le sanctuaire d&rsquo;eau, les toilettes, les douches, les cabanes de mat\u00e9riel, la cuisine, le transport (brouettes, chariots \u00e0 \u00e9chelle), la communication (radio, flipchart), le bois de chauffage, les pierres, les couvertures des huttes de sudation&#8230;.<\/p>\n<p>Gestion du mat\u00e9riel<em>, <\/em>documentation.<\/p>\n<h4>Posture et orientation<\/h4>\n<p>Les valeurs qui nous caract\u00e9risent sont la fiabilit\u00e9, la r\u00e9silience, la concentration sur le r\u00e9alisable et l&rsquo;ouverture \u00e0 de nouvelles voies. Nous rendons hommage aux autres en sachant qu&rsquo;ils font partie d&rsquo;un tout.<\/p>\n<p><strong>des actions concr\u00e8tes<\/strong><\/p>\n<p>En tant qu&rsquo;<strong>assistant(e) de pr\u00e9paration*<\/strong>, tu es d\u00e9j\u00e0 \u00e0 la campagne plusieurs jours plus t\u00f4t &#8211; lorsque tout est encore relativement calme. En tant qu&rsquo;une des dix personnes \u00e9nergiques, tu aideras du mardi matin au vendredi matin : Vider les cabanes de mat\u00e9riel, pr\u00e9parer les outils et le mat\u00e9riel, monter les tentes communes, tondre la hutte de sudation et le terrain de danse, installer l&rsquo;\u00e9lectricit\u00e9, et autres.<\/p>\n<p>Tu contribues ainsi \u00e0 poser les bases pour que les personnes qui arriveront bient\u00f4t \u00e0 la campagne puissent \u00eatre approvisionn\u00e9es en nourriture et prot\u00e9g\u00e9es de la pluie, et tu apportes une premi\u00e8re beaut\u00e9 \u00e0 ce temps pass\u00e9 ensemble !<\/p>\n<p>Pendant tout ce travail, il y a du temps pour se d\u00e9tendre, nager ensemble dans les vasques, ou se reposer dans des hamacs dans le petit bois. Tu fais la connaissance de personnes int\u00e9ressantes et tu peux d\u00e9velopper de nouvelles comp\u00e9tences sous la direction d&rsquo;un expert. Ce travail est r\u00e9mun\u00e9r\u00e9.<\/p>\n<p>En tant qu&rsquo;<strong>Arbor-constructeur*<\/strong>, tu fais partie d&rsquo;une \u00e9quipe centrale qui met en place la place de danse. Cet espace magique, un cercle de douze segments, dans lequel le temps et l&rsquo;espace s&rsquo;entrem\u00ealent pendant la danse. Ce cercle offre aux danseuses du monde tonal une protection contre les \u00e9l\u00e9ments. En commen\u00e7ant par la grande porte \u00e0 l&rsquo;est, \u00e0 c\u00f4t\u00e9 de laquelle se trouvent l&rsquo;abri pour les chanteurs, la salle de gu\u00e9rison et les abris pour les danseurs.<\/p>\n<p>Cette \u00e9quipe de base est soutenue par des personnes du collectif. Ensemble, ils construisent l&rsquo;Arbor en 4 jours. Ce travail fait partie de la c\u00e9r\u00e9monie de la danse de la vie.<\/p>\n<p><strong>Assistant(e) post-danse<\/strong><br \/>\nPour les travaux post-danse, vous resterez certainement un jour de plus (c&rsquo;est-\u00e0-dire jusqu&rsquo;au dimanche) sur le terrain apr\u00e8s la fin officielle de la danse.<br \/>\nSi les tentes communes ne sont pas encore s\u00e8ches en cas de mauvais temps, il est de la responsabilit\u00e9 des assistants post-danse de les ranger au sec. Cela impliquerait un report du voyage de retour d&rsquo;un jour suppl\u00e9mentaire !<br \/>\nAu sein du groupe d&rsquo;aide au suivi, tu t&rsquo;occupes ainsi des derniers travaux de nettoyage et tu cr\u00e9es la beaut\u00e9 finale dans laquelle nous laissons le pays. Ce travail est r\u00e9mun\u00e9r\u00e9.<\/p>\n<h4>Activit\u00e9s et rendez-vous<\/h4>\n<h4>Coordination<\/h4>\n<div><span lang=\"DA\">Ellen <\/span>Clauss, <a href=\"mailto:eclauss33@gmail.com\" target=\"_blank\" rel=\"noopener\"><br \/>\n  <span lang=\"IT\">eclauss33@gmail.com<\/span><br \/>\n<\/a><\/div>\n<h4>Documents et t\u00e9l\u00e9chargements<\/h4>\n<\/div><\/div><\/div><\/div><\/div><div class=\"fusion-menu-anchor\" id=\"saenger\"><\/div><div class=\"accordian fusion-accordian\" style=\"--awb-border-size:0px;--awb-icon-size:27px;--awb-content-font-size:18px;--awb-icon-alignment:right;--awb-hover-color:#f9f9f9;--awb-border-color:#cccccc;--awb-background-color:#ffffff;--awb-divider-color:#b9afa1;--awb-divider-hover-color:#b9afa1;--awb-icon-color:#b9afa1;--awb-title-color:#b9afa1;--awb-content-color:#375487;--awb-icon-box-color:#6f727b;--awb-toggle-hover-accent-color:#b9afa1;--awb-title-font-family:&quot;Open Sans&quot;;--awb-title-font-weight:400;--awb-title-font-style:normal;--awb-title-font-size:20px;--awb-content-font-family:&quot;Open Sans&quot;;--awb-content-font-style:normal;--awb-content-font-weight:400;\"><div class=\"panel-group fusion-toggle-icon-right fusion-toggle-icon-unboxed\" id=\"accordion-3207-5\"><div class=\"fusion-panel panel-default panel-743960c3499688dd8 fusion-toggle-has-divider\"><div class=\"panel-heading\"><h4 class=\"panel-title toggle\" id=\"toggle_743960c3499688dd8\"><a aria-expanded=\"false\" aria-controls=\"743960c3499688dd8\" role=\"button\" data-toggle=\"collapse\" data-target=\"#743960c3499688dd8\" href=\"#743960c3499688dd8\"><span class=\"fusion-toggle-icon-wrapper\" aria-hidden=\"true\"><i class=\"fa-fusion-box active-icon awb-icon-minus\" aria-hidden=\"true\"><\/i><i class=\"fa-fusion-box inactive-icon awb-icon-plus\" aria-hidden=\"true\"><\/i><\/span><span class=\"fusion-toggle-heading\">Chanteurs<\/span><\/a><\/h4><\/div><div id=\"743960c3499688dd8\" class=\"panel-collapse collapse \" aria-labelledby=\"toggle_743960c3499688dd8\"><div class=\"panel-body toggle-content fusion-clearfix\">\n<h2>Branche lumineuse des chanteurs* et des percussionnistes*.<\/h2>\n<h4>T\u00e2che<\/h4>\n<p><span dir=\"ltr\" role=\"presentation\">Chanter les chants des 8 Great Powers, les huit directions spirituelles, au grand tambour pendant l&rsquo;ann\u00e9e <\/span><span dir=\"ltr\" role=\"presentation\">et lors de la danse de la vie<\/span><\/p>\n<h4>Posture et orientation<\/h4>\n<p>En nous abandonnant \u00e0 la pulsation du tambour et \u00e0 la vibration du c\u0153ur, nous nourrissons la joie dans la conscience et l&rsquo;appr\u00e9ciation des \u00e9motions.<\/p>\n<p>Nous servons avec le c\u0153ur pour ce qui est plus grand et pour le collectif.<\/p>\n<p>Lors des rencontres de chant tout au long de l&rsquo;ann\u00e9e, nous ouvrons l&rsquo;espace dans l&rsquo;attention et encourageons tous les chanteurs* int\u00e9ress\u00e9s \u00e0 entonner et \u00e0 diriger eux-m\u00eames des chants, favorisant ainsi la croissance individuelle et l&rsquo;\u00e9volution collective. Lors de la danse de la vie, nous jouons du tambour et chantons avec modestie et responsabilit\u00e9 personnelle, en mettant l&rsquo;accent sur la communaut\u00e9.<\/p>\n<h4>Activit\u00e9s et rendez-vous<\/h4>\n<div class=\"textLayer\"><span dir=\"ltr\" role=\"presentation\">Rencontre des chanteurs* du 2 au 4 mai 2025 au Seminarhaus Remetschwiel \u00e0 <\/span><br role=\"presentation\"><span dir=\"ltr\" role=\"presentation\">79809 Remetschwiel dans la For\u00eat Noire pr\u00e8s de la fronti\u00e8re Suisse-Allemande ; si vous \u00eates <\/span><br role=\"presentation\"><span dir=\"ltr\" role=\"presentation\"><span dir=\"ltr\" role=\"presentation\">Si vous \u00eates int\u00e9ress\u00e9(e), veuillez vous inscrire par e-mail : <\/span><\/span><a href=\"mailto:saengertreffen-2023@gmx.de\" target=\"_blank\" rel=\"noopener\">saengertreffen-2025@gmx.de <\/a> <\/div>\n<h4>Coordination<\/h4>\n<p><span dir=\"ltr\" role=\"presentation\">B\u00e4rbel Oftring<\/span> <a href=\"mailto:saengertreffen-2023@gmx.de\" target=\"_blank\" rel=\"noopener\"><span dir=\"ltr\" role=\"presentation\">saengertreffen-2025@gmx.de<\/span><\/a><\/p>\n<h4>Documents et t\u00e9l\u00e9chargements<\/h4>\n<h4>=&gt; <a href=\"https:\/\/lebenstanz.info\/fr\/contacts-et-liens\/\" target=\"_blank\" rel=\"noopener\">Lien vers les groupes de chant<\/a><\/h4>\n<\/div><\/div><\/div><\/div><\/div><div class=\"fusion-menu-anchor\" id=\"hueter\"><\/div><div class=\"accordian fusion-accordian\" style=\"--awb-border-size:0px;--awb-icon-size:27px;--awb-content-font-size:18px;--awb-icon-alignment:right;--awb-hover-color:#f9f9f9;--awb-border-color:#cccccc;--awb-background-color:#ffffff;--awb-divider-color:#b9afa1;--awb-divider-hover-color:#b9afa1;--awb-icon-color:#b9afa1;--awb-title-color:#b9afa1;--awb-content-color:#375487;--awb-icon-box-color:#6f727b;--awb-toggle-hover-accent-color:#b9afa1;--awb-title-font-family:&quot;Open Sans&quot;;--awb-title-font-weight:400;--awb-title-font-style:normal;--awb-title-font-size:20px;--awb-content-font-family:&quot;Open Sans&quot;;--awb-content-font-style:normal;--awb-content-font-weight:400;\"><div class=\"panel-group fusion-toggle-icon-right fusion-toggle-icon-unboxed\" id=\"accordion-3207-6\"><div class=\"fusion-panel panel-default panel-2700446b51cb247a7 fusion-toggle-has-divider\"><div class=\"panel-heading\"><h4 class=\"panel-title toggle\" id=\"toggle_2700446b51cb247a7\"><a aria-expanded=\"false\" aria-controls=\"2700446b51cb247a7\" role=\"button\" data-toggle=\"collapse\" data-target=\"#2700446b51cb247a7\" href=\"#2700446b51cb247a7\"><span class=\"fusion-toggle-icon-wrapper\" aria-hidden=\"true\"><i class=\"fa-fusion-box active-icon awb-icon-minus\" aria-hidden=\"true\"><\/i><i class=\"fa-fusion-box inactive-icon awb-icon-plus\" aria-hidden=\"true\"><\/i><\/span><span class=\"fusion-toggle-heading\">Gardiens* + huttes de sudation<\/span><\/a><\/h4><\/div><div id=\"2700446b51cb247a7\" class=\"panel-collapse collapse \" aria-labelledby=\"toggle_2700446b51cb247a7\"><div class=\"panel-body toggle-content fusion-clearfix\">\n<h3>Branche lumineuse des gardiens* + huttes de sudation<\/h3>\n<h4>T\u00e2che<\/h4>\n<p><span dir=\"ltr\" role=\"presentation\">La branche repr\u00e9sente la mise en r\u00e9seau, l&rsquo;\u00e9change et l&rsquo;information des gardiens*.  <\/span><br role=\"presentation\"><span dir=\"ltr\" role=\"presentation\">Nous offrons \u00e9galement un espace pour les gardiens* exp\u00e9riment\u00e9s, les danseurs*,  <\/span><br role=\"presentation\"><span dir=\"ltr\" role=\"presentation\">Chanteurs* qui souhaitent \u00e9changer sur les exp\u00e9riences et les valeurs du gardiennage.  <\/span><br role=\"presentation\"><span dir=\"ltr\" role=\"presentation\">Nous souhaitons inviter de nouvelles personnes \u00e0 participer \u00e0 la danse de la vie en tant que gardienne*.  <\/span><br role=\"presentation\"><span dir=\"ltr\" role=\"presentation\">et de faire leurs propres exp\u00e9riences. Nous transmettons des connaissances et donnons  <\/span><br role=\"presentation\"><span dir=\"ltr\" role=\"presentation\">informations plus loin.  <\/span><\/p>\n<h4>Posture et orientation<\/h4>\n<p><span dir=\"ltr\" role=\"presentation\">\u00catre gardien* est un chemin du c\u0153ur, dans lequel tu peux utiliser ta force primaire et ta volont\u00e9, ton \u00eatre,  <\/span><br role=\"presentation\"><span dir=\"ltr\" role=\"presentation\">tu peux exp\u00e9rimenter et d\u00e9velopper ton authenticit\u00e9 et ta confiance en toi. Les gardiens* cr\u00e9ent  <\/span><br role=\"presentation\"><span dir=\"ltr\" role=\"presentation\">leur \u00eatre avec une \u00e9nergie \u00e9lev\u00e9e provenant de la force de l&rsquo;amour et de la connexion avec la nature et tous les  <\/span><br role=\"presentation\"><span dir=\"ltr\" role=\"presentation\">Wesen. En tant que pont entre le ciel et la terre, ils sont un symbole de stabilit\u00e9, de clart\u00e9,  <\/span><br role=\"presentation\"><span dir=\"ltr\" role=\"presentation\">La force du guerrier. <\/span><span dir=\"ltr\" role=\"presentation\">Ils<\/span> <span dir=\"ltr\" role=\"presentation\">sont une partie importante de l&rsquo;instance de vie et contribuent largement, par leur r\u00f4le, \u00e0 <\/span><span dir=\"ltr\" role=\"presentation\">que <\/span><span dir=\"ltr\" role=\"presentation\">la c\u00e9r\u00e9monie collective dans la beaut\u00e9, la force et la l\u00e9g\u00e8ret\u00e9, dans la confiance et la s\u00e9curit\u00e9 de tous les <\/span> <span dir=\"ltr\" role=\"presentation\">peut \u00eatre r\u00e9alis\u00e9. Ils prot\u00e8gent la vie, la communaut\u00e9 de la danse de la vie et  <\/span><br role=\"presentation\"><span dir=\"ltr\" role=\"presentation\">respectent la sant\u00e9 et le bien-\u00eatre de tous les autres, de sorte que chacun puisse rester en puissance et <\/span><span dir=\"ltr\" role=\"presentation\">puisse danser le r\u00eave \u00e9veill\u00e9 en beaut\u00e9 et avec une \u00e9nergie bienveillante. <\/span><span dir=\"ltr\" role=\"presentation\">Les Gardiens sont conscients qu&rsquo;en se connectant aux autres, ils portent le message de la danse. <\/span><span dir=\"ltr\" role=\"presentation\">message de la danse et l&rsquo;information du collectif en eux, et qu&rsquo;ils les font vivre par leurs actions. <\/span><span dir=\"ltr\" role=\"presentation\">manifestent et rendent visibles.<\/span><\/p>\n<p><span dir=\"ltr\" role=\"presentation\">En tant que gardien(ne), tu aimes te d\u00e9placer entre le monde magique et la vie quotidienne.  <\/span><span dir=\"ltr\" role=\"presentation\">r\u00e9alit\u00e9. Tu peux travailler en \u00e9quipe et aussi effectuer des t\u00e2ches seul(e). Tu r\u00e9alises  <\/span><span dir=\"ltr\" role=\"presentation\">qu&rsquo;il est possible de d\u00e9couvrir, de cultiver la fiabilit\u00e9, la responsabilit\u00e9 personnelle et l&rsquo;ouverture dans ce lieu et  <\/span><br role=\"presentation\"><span dir=\"ltr\" role=\"presentation\">\u00e0 d\u00e9velopper.<\/span><\/p>\n<h4>Activit\u00e9s et rendez-vous<\/h4>\n<div class=\"textLayer\"><span dir=\"ltr\" role=\"presentation\">Information et \u00e9change sur la <\/span><span dir=\"ltr\" role=\"presentation\">pr\u00e9paration et organisation des t\u00e2ches des gardiens*. <\/span><span dir=\"ltr\" role=\"presentation\"> \u00e0 la danse de la vie. <\/span><span dir=\"ltr\" role=\"presentation\">La branche explore l&rsquo;alchimie <\/span> <span dir=\"ltr\" role=\"presentation\">du gardiennage. Nous aimerions en savoir plus sur les caract\u00e9ristiques, la qualit\u00e9,  <\/span><span dir=\"ltr\" role=\"presentation\">Exp\u00e9rimenter et reconna\u00eetre les espaces de la garde. La valeur du gardiennage pour la communaut\u00e9 devient visible  <\/span><span dir=\"ltr\" role=\"presentation\">fait.  <\/span><span dir=\"ltr\" role=\"presentation\">Nous r\u00eavons de nouveaux rituels et de nouvelles formes d&rsquo;organisation des gardiens* pour la danse de la vie.  <\/span><span dir=\"ltr\" role=\"presentation\">Tu ressens en toi l&rsquo;appel \u00e0 \u00eatre un gardien\/une gardienne ?  <\/span><\/div>\n<div class=\"textLayer\"><span dir=\"ltr\" role=\"presentation\">Notre Branche Lumineuse recherche des personnes qui souhaitent <\/span><span dir=\"ltr\" role=\"presentation\">souhaitent organiser la danse de la vie \u00e0 Lavaldieu.<\/span><\/div>\n<div><\/div>\n<div><\/div>\n<div><\/div>\n<div><\/div>\n<h4>Coordination<\/h4>\n<div><span lang=\"EN-US\">Sigi <\/span>Taucher, <a href=\"mailto:sigi.taucher@bluewin.ch\" target=\"_blank\" rel=\"noopener\">sigi.taucher@bluewin.ch<\/a><\/div>\n<h4>Documents et t\u00e9l\u00e9chargements<\/h4>\n<\/div><\/div><\/div><\/div><\/div><div class=\"accordian fusion-accordian\" style=\"--awb-border-size:0px;--awb-icon-size:27px;--awb-content-font-size:18px;--awb-icon-alignment:right;--awb-hover-color:#f9f9f9;--awb-border-color:#cccccc;--awb-background-color:#ffffff;--awb-divider-color:#b9afa1;--awb-divider-hover-color:#b9afa1;--awb-icon-color:#b9afa1;--awb-title-color:#b9afa1;--awb-content-color:#375487;--awb-icon-box-color:#6f727b;--awb-toggle-hover-accent-color:#b9afa1;--awb-title-font-family:&quot;Open Sans&quot;;--awb-title-font-weight:400;--awb-title-font-style:normal;--awb-title-font-size:20px;--awb-content-font-family:&quot;Open Sans&quot;;--awb-content-font-style:normal;--awb-content-font-weight:400;\"><div class=\"panel-group fusion-toggle-icon-right fusion-toggle-icon-unboxed\" id=\"accordion-3207-7\"><div class=\"fusion-panel panel-default panel-f85036bd422e6f23d fusion-toggle-has-divider\"><div class=\"panel-heading\"><h4 class=\"panel-title toggle\" id=\"toggle_f85036bd422e6f23d\"><a aria-expanded=\"false\" aria-controls=\"f85036bd422e6f23d\" role=\"button\" data-toggle=\"collapse\" data-target=\"#f85036bd422e6f23d\" href=\"#f85036bd422e6f23d\"><span class=\"fusion-toggle-icon-wrapper\" aria-hidden=\"true\"><i class=\"fa-fusion-box active-icon awb-icon-minus\" aria-hidden=\"true\"><\/i><i class=\"fa-fusion-box inactive-icon awb-icon-plus\" aria-hidden=\"true\"><\/i><\/span><span class=\"fusion-toggle-heading\">Les jeunes \u00e0 la danse<\/span><\/a><\/h4><\/div><div id=\"f85036bd422e6f23d\" class=\"panel-collapse collapse \" aria-labelledby=\"toggle_f85036bd422e6f23d\"><div class=\"panel-body toggle-content fusion-clearfix\">\n<h3>Les jeunes \u00e0 la danse<\/h3>\n<p>la branche est encore en formation. Contactez-nous si vous souhaitez nous rejoindre !<\/p>\n<p>Coordination :<\/p>\n<div>\n<p class=\"Text\">Maya Warthon, <a href=\"mailto:maya.warthon@stud.abk-stuttgart.de\" target=\"_blank\" rel=\"noopener\">maya.warthon@stud.abk-stuttgart.de<\/a><\/p>\n<\/div>\n<\/div><\/div><\/div><\/div><\/div><div class=\"fusion-menu-anchor\" id=\"traum\"><\/div><div class=\"accordian fusion-accordian\" style=\"--awb-border-size:0px;--awb-icon-size:27px;--awb-content-font-size:18px;--awb-icon-alignment:right;--awb-hover-color:#f9f9f9;--awb-border-color:#cccccc;--awb-background-color:#ffffff;--awb-divider-color:#b9afa1;--awb-divider-hover-color:#b9afa1;--awb-icon-color:#b9afa1;--awb-title-color:#b9afa1;--awb-content-color:#375487;--awb-icon-box-color:#6f727b;--awb-toggle-hover-accent-color:#b9afa1;--awb-title-font-family:&quot;Open Sans&quot;;--awb-title-font-weight:400;--awb-title-font-style:normal;--awb-title-font-size:20px;--awb-content-font-family:&quot;Open Sans&quot;;--awb-content-font-style:normal;--awb-content-font-weight:400;\"><div class=\"panel-group fusion-toggle-icon-right fusion-toggle-icon-unboxed\" id=\"accordion-3207-8\"><div class=\"fusion-panel panel-default panel-51f43df93c71062ff fusion-toggle-has-divider\"><div class=\"panel-heading\"><h4 class=\"panel-title toggle\" id=\"toggle_51f43df93c71062ff\"><a aria-expanded=\"false\" aria-controls=\"51f43df93c71062ff\" role=\"button\" data-toggle=\"collapse\" data-target=\"#51f43df93c71062ff\" href=\"#51f43df93c71062ff\"><span class=\"fusion-toggle-icon-wrapper\" aria-hidden=\"true\"><i class=\"fa-fusion-box active-icon awb-icon-minus\" aria-hidden=\"true\"><\/i><i class=\"fa-fusion-box inactive-icon awb-icon-plus\" aria-hidden=\"true\"><\/i><\/span><span class=\"fusion-toggle-heading\">Danse d\u00e9centralis\u00e9e et bourgeon de r\u00eave<\/span><\/a><\/h4><\/div><div id=\"51f43df93c71062ff\" class=\"panel-collapse collapse \" aria-labelledby=\"toggle_51f43df93c71062ff\"><div class=\"panel-body toggle-content fusion-clearfix\">\n<h2>Branche lumineuse \u00ab\u00a0Bourgeon de r\u00eave\u00a0\u00bb (anciennement \u00ab\u00a0Autre\u00a0\u00bb)<\/h2>\n<h4>T\u00e2che<\/h4>\n<h4>Posture et orientation<\/h4>\n<p><span dir=\"ltr\" role=\"presentation\">Nous sommes ouverts aux possibilit\u00e9s naissantes dans le domaine de la danse de vie, nous les accueillons et les encourageons. <\/span><span dir=\"ltr\" role=\"presentation\">et nous les encourageons. <\/span><span dir=\"ltr\" role=\"presentation\">Nous tirons les le\u00e7ons du pass\u00e9 afin de concevoir de nouvelles choses pour l&rsquo;avenir et prenons soin de ce qui a \u00e9t\u00e9 cr\u00e9\u00e9. <\/span><span dir=\"ltr\" role=\"presentation\">Nous cultivons ce qui a \u00e9t\u00e9 cr\u00e9\u00e9. <\/span><span dir=\"ltr\" role=\"presentation\">Nous cr\u00e9ons des espaces pour nous rencontrer pendant l&rsquo;ann\u00e9e, pour \u00e9changer des connaissances et des exp\u00e9riences. <\/span> <span dir=\"ltr\" role=\"presentation\">et d&rsquo;explorer avec tous les sens. Nous int\u00e9grons la danse de vie dans notre vie quotidienne. Nous agissons en  <\/span><span dir=\"ltr\" role=\"presentation\">confiance en soi et partager nos talents.  <\/span><\/p>\n<p><strong> <\/strong><\/p>\n<h4>Activit\u00e9s et rendez-vous<\/h4>\n<p><strong><span dir=\"ltr\" role=\"presentation\">Activit\u00e9s jusqu&rsquo;\u00e0 pr\u00e9sent :<\/span><\/strong><br role=\"presentation\"><span dir=\"ltr\" role=\"presentation\">&#8211; Le sifflet de la nouvelle lune<\/span><span dir=\"ltr\" role=\"presentation\">  a \u00e9t\u00e9 transf\u00e9r\u00e9e \u00e0 la branche \u00ab\u00a0C\u00e9r\u00e9monies\u00a0\u00bb apr\u00e8s deux ans. Cela donne de l&rsquo;espace  <\/span><span dir=\"ltr\" role=\"presentation\">pour de nouvelles possibilit\u00e9s.<\/span><br role=\"presentation\"><span dir=\"ltr\" role=\"presentation\">&#8211; Le processus des <\/span><span dir=\"ltr\" role=\"presentation\">Branches lumineuses <\/span><span dir=\"ltr\" role=\"presentation\">a \u00e9t\u00e9 int\u00e9gr\u00e9 dans la structure de la danse de la vie. <\/span> <\/p>\n<p><strong><span dir=\"ltr\" role=\"presentation\">&#8230; et \u00e0 l&rsquo;avenir :<\/span><\/strong><br role=\"presentation\"><span dir=\"ltr\" role=\"presentation\">&#8211; Une danse pour <\/span><span dir=\"ltr\" role=\"presentation\">Dire merci<\/span><br role=\"presentation\"><span dir=\"ltr\" role=\"presentation\">&#8211; Qu&rsquo;est-ce qui coule dans notre s\u00e8ve dans l&rsquo;arbre ?<\/span><br role=\"presentation\"><span dir=\"ltr\" role=\"presentation\">&#8211; Aspect :<\/span> <span dir=\"ltr\" role=\"presentation\">\u00c9change sur l&rsquo;apprentissage et l&rsquo;enseignement<\/span> <span dir=\"ltr\" role=\"presentation\">entre nous<\/span><\/p>\n<div class=\"page\" role=\"region\" data-page-number=\"1\" aria-label=\"Seite 1\" data-loaded=\"true\">\n<div class=\"textLayer\"><strong><span dir=\"ltr\" role=\"presentation\">Questions ouvertes et suggestions :<\/span><\/strong><br role=\"presentation\"><span dir=\"ltr\" role=\"presentation\">&#8211; Trouver des moyens de mobiliser \u00e0 nouveau les anciens participants* \u00e0 la danse de la vie <\/span><span dir=\"ltr\" role=\"presentation\">mobiliser<\/span><\/div>\n<div class=\"textLayer\"><span dir=\"ltr\" role=\"presentation\">&#8211; deux c\u00e9r\u00e9monies par an : solstice d&rsquo;hiver et solstice d&rsquo;\u00e9t\u00e9<\/span><br role=\"presentation\"><span dir=\"ltr\" role=\"presentation\">&#8211; Questionnaire :<\/span><br role=\"presentation\"><span dir=\"ltr\" role=\"presentation\">\u00a7 R\u00e9duire la dur\u00e9e de la danse (proposer diff\u00e9rentes <\/span><span dir=\"ltr\" role=\"presentation\">proposer des variantes)<\/span><br role=\"presentation\"><span dir=\"ltr\" role=\"presentation\">\u00a7 Organiser la danse de mani\u00e8re d\u00e9centralis\u00e9e et en alternance dans diff\u00e9rents lieux et groupes.<\/span><br role=\"presentation\"><span dir=\"ltr\" role=\"presentation\">\u00a7 Proposer diff\u00e9rentes possibilit\u00e9s d'\u00a0\u00bbhabiter\u00a0\u00bb (construire des <\/span><span dir=\"ltr\" role=\"presentation\">embaucher&#8230;)<\/span><br role=\"presentation\"><span dir=\"ltr\" role=\"presentation\">\u00a7 Simplifier la mise en page<\/span><\/div>\n<div class=\"textLayer\"><br role=\"presentation\"><strong><span dir=\"ltr\" role=\"presentation\">Voyage au son du tambour :<\/span><\/strong><br role=\"presentation\"><span dir=\"ltr\" role=\"presentation\">&#8211; branche semble tr\u00e8s li\u00e9e \u00e0 quelque chose de central, la s\u00e8ve qui <\/span><span dir=\"ltr\" role=\"presentation\">tronc s&rsquo;\u00e9coule<\/span><br role=\"presentation\"><span dir=\"ltr\" role=\"presentation\">&#8211; Forte connexion avec toutes les autres branches -&gt; alors la s\u00e8ve commence \u00e0 couler, <\/span><span dir=\"ltr\" role=\"presentation\">les autres branches sont \u00ab\u00a0nourries\u00a0\u00bb lorsque le bourgeon s&rsquo;ouvre<\/span><br role=\"presentation\"><span dir=\"ltr\" role=\"presentation\">&#8211; La branche re\u00e7oit beaucoup de force et d&rsquo;\u00e9nergie du centre<\/span><br role=\"presentation\"><span dir=\"ltr\" role=\"presentation\">&#8211; L&rsquo;\u00e9corce de la branche est importante et nous la reconnaissons. Elle nous apprend quel arbre nous sommes,  <\/span><span dir=\"ltr\" role=\"presentation\">d&rsquo;o\u00f9 nous venons, ce qui nous caract\u00e9rise<\/span><br role=\"presentation\">  &#8211; <span dir=\"ltr\" role=\"presentation\"> Un recueil des essences de toutes les danses de vie pr\u00e9c\u00e9dentes \u00e0 faire \u00e0 Lavaldieu et <\/span><span dir=\"ltr\" role=\"presentation\">aussi de ses racines.<\/span><span dir=\"ltr\" role=\"presentation\"> Image : un livre de deux pages par danse de vie 1 \u00e0 28, avec des photos<\/span>, des images, des phrases cl\u00e9s, l&rsquo;essence&#8230;<\/div>\n<div class=\"textLayer\">&#8211; Rendre <span dir=\"ltr\" role=\"presentation\">ce <\/span>savoir accessible \u00e0 tous<\/div>\n<\/div>\n<div class=\"page\" role=\"region\" data-page-number=\"2\" aria-label=\"Seite 2\" data-loaded=\"true\">\n<div class=\"textLayer\"><span dir=\"ltr\" role=\"presentation\">&#8211; Soutenir tout particuli\u00e8rement la branche enfants<\/span><\/div>\n<div class=\"textLayer\"><span dir=\"ltr\" role=\"presentation\">&#8211; Dessiner des plans, des cartes et des graphiques &#8211; Construire l&rsquo;\u00e9nergie pour les c\u00e9r\u00e9monies<\/span><\/div>\n<div><\/div>\n<\/div>\n<h4><\/h4>\n<h4>Coordination<\/h4>\n<p>Gertrud Taha-Arnold  <a href=\"mailto:traumknospe@lebenstanz.info\" target=\"_blank\" rel=\"noopener\">  traumknospe@lebenstanz.info<\/a><\/p>\n<h4>Documents et t\u00e9l\u00e9chargements<\/h4>\n<\/div><\/div><\/div><\/div><\/div><\/div><\/div><\/div><\/div><\/p>\n","protected":false},"excerpt":{"rendered":"","protected":false},"author":1,"featured_media":0,"parent":0,"menu_order":0,"comment_status":"closed","ping_status":"closed","template":"100-width.php","meta":{"footnotes":""},"class_list":["post-3207","page","type-page","status-publish","hentry"],"yoast_head":"<!-- This site is optimized with the Yoast SEO plugin v27.4 - https:\/\/yoast.com\/product\/yoast-seo-wordpress\/ -->\n<title>DES BRANCHES LUMINEUSES - Lebenstanz<\/title>\n<meta name=\"robots\" content=\"index, follow, max-snippet:-1, max-image-preview:large, max-video-preview:-1\" \/>\n<link rel=\"canonical\" href=\"https:\/\/lebenstanz.info\/fr\/des-branches-lumineuses\/\" \/>\n<meta property=\"og:locale\" content=\"fr_FR\" \/>\n<meta property=\"og:type\" content=\"article\" \/>\n<meta property=\"og:title\" content=\"DES BRANCHES LUMINEUSES - Lebenstanz\" \/>\n<meta property=\"og:url\" content=\"https:\/\/lebenstanz.info\/fr\/des-branches-lumineuses\/\" \/>\n<meta property=\"og:site_name\" content=\"Lebenstanz\" \/>\n<meta property=\"article:publisher\" content=\"https:\/\/www.facebook.com\/lebenstanzinfo\/\" \/>\n<meta property=\"article:modified_time\" content=\"2025-03-25T20:07:45+00:00\" \/>\n<meta name=\"twitter:card\" content=\"summary_large_image\" \/>\n<meta name=\"twitter:label1\" content=\"Dur\u00e9e de lecture estim\u00e9e\" \/>\n\t<meta name=\"twitter:data1\" content=\"32 minutes\" \/>\n<script type=\"application\/ld+json\" class=\"yoast-schema-graph\">{\"@context\":\"https:\\\/\\\/schema.org\",\"@graph\":[{\"@type\":\"WebPage\",\"@id\":\"https:\\\/\\\/lebenstanz.info\\\/fr\\\/des-branches-lumineuses\\\/\",\"url\":\"https:\\\/\\\/lebenstanz.info\\\/fr\\\/des-branches-lumineuses\\\/\",\"name\":\"DES BRANCHES LUMINEUSES - Lebenstanz\",\"isPartOf\":{\"@id\":\"https:\\\/\\\/lebenstanz.info\\\/fr\\\/#website\"},\"datePublished\":\"2021-09-26T12:28:19+00:00\",\"dateModified\":\"2025-03-25T20:07:45+00:00\",\"breadcrumb\":{\"@id\":\"https:\\\/\\\/lebenstanz.info\\\/fr\\\/des-branches-lumineuses\\\/#breadcrumb\"},\"inLanguage\":\"fr-FR\",\"potentialAction\":[{\"@type\":\"ReadAction\",\"target\":[\"https:\\\/\\\/lebenstanz.info\\\/fr\\\/des-branches-lumineuses\\\/\"]}]},{\"@type\":\"BreadcrumbList\",\"@id\":\"https:\\\/\\\/lebenstanz.info\\\/fr\\\/des-branches-lumineuses\\\/#breadcrumb\",\"itemListElement\":[{\"@type\":\"ListItem\",\"position\":1,\"name\":\"Startseite\",\"item\":\"https:\\\/\\\/lebenstanz.info\\\/fr\\\/accueil\\\/\"},{\"@type\":\"ListItem\",\"position\":2,\"name\":\"DES BRANCHES LUMINEUSES\"}]},{\"@type\":\"WebSite\",\"@id\":\"https:\\\/\\\/lebenstanz.info\\\/fr\\\/#website\",\"url\":\"https:\\\/\\\/lebenstanz.info\\\/fr\\\/\",\"name\":\"Lebenstanz\",\"description\":\"Ein Traum ist Wirklichkeit\",\"publisher\":{\"@id\":\"https:\\\/\\\/lebenstanz.info\\\/fr\\\/#organization\"},\"potentialAction\":[{\"@type\":\"SearchAction\",\"target\":{\"@type\":\"EntryPoint\",\"urlTemplate\":\"https:\\\/\\\/lebenstanz.info\\\/fr\\\/?s={search_term_string}\"},\"query-input\":{\"@type\":\"PropertyValueSpecification\",\"valueRequired\":true,\"valueName\":\"search_term_string\"}}],\"inLanguage\":\"fr-FR\"},{\"@type\":\"Organization\",\"@id\":\"https:\\\/\\\/lebenstanz.info\\\/fr\\\/#organization\",\"name\":\"Lebenstanz\",\"url\":\"https:\\\/\\\/lebenstanz.info\\\/fr\\\/\",\"logo\":{\"@type\":\"ImageObject\",\"inLanguage\":\"fr-FR\",\"@id\":\"https:\\\/\\\/lebenstanz.info\\\/fr\\\/#\\\/schema\\\/logo\\\/image\\\/\",\"url\":\"https:\\\/\\\/lebenstanz.info\\\/wp-content\\\/uploads\\\/2021\\\/10\\\/Logo_Lebenstanz_160.png\",\"contentUrl\":\"https:\\\/\\\/lebenstanz.info\\\/wp-content\\\/uploads\\\/2021\\\/10\\\/Logo_Lebenstanz_160.png\",\"width\":160,\"height\":160,\"caption\":\"Lebenstanz\"},\"image\":{\"@id\":\"https:\\\/\\\/lebenstanz.info\\\/fr\\\/#\\\/schema\\\/logo\\\/image\\\/\"},\"sameAs\":[\"https:\\\/\\\/www.facebook.com\\\/lebenstanzinfo\\\/\"]}]}<\/script>\n<!-- \/ Yoast SEO plugin. -->","yoast_head_json":{"title":"DES BRANCHES LUMINEUSES - Lebenstanz","robots":{"index":"index","follow":"follow","max-snippet":"max-snippet:-1","max-image-preview":"max-image-preview:large","max-video-preview":"max-video-preview:-1"},"canonical":"https:\/\/lebenstanz.info\/fr\/des-branches-lumineuses\/","og_locale":"fr_FR","og_type":"article","og_title":"DES BRANCHES LUMINEUSES - Lebenstanz","og_url":"https:\/\/lebenstanz.info\/fr\/des-branches-lumineuses\/","og_site_name":"Lebenstanz","article_publisher":"https:\/\/www.facebook.com\/lebenstanzinfo\/","article_modified_time":"2025-03-25T20:07:45+00:00","twitter_card":"summary_large_image","twitter_misc":{"Dur\u00e9e de lecture estim\u00e9e":"32 minutes"},"schema":{"@context":"https:\/\/schema.org","@graph":[{"@type":"WebPage","@id":"https:\/\/lebenstanz.info\/fr\/des-branches-lumineuses\/","url":"https:\/\/lebenstanz.info\/fr\/des-branches-lumineuses\/","name":"DES BRANCHES LUMINEUSES - Lebenstanz","isPartOf":{"@id":"https:\/\/lebenstanz.info\/fr\/#website"},"datePublished":"2021-09-26T12:28:19+00:00","dateModified":"2025-03-25T20:07:45+00:00","breadcrumb":{"@id":"https:\/\/lebenstanz.info\/fr\/des-branches-lumineuses\/#breadcrumb"},"inLanguage":"fr-FR","potentialAction":[{"@type":"ReadAction","target":["https:\/\/lebenstanz.info\/fr\/des-branches-lumineuses\/"]}]},{"@type":"BreadcrumbList","@id":"https:\/\/lebenstanz.info\/fr\/des-branches-lumineuses\/#breadcrumb","itemListElement":[{"@type":"ListItem","position":1,"name":"Startseite","item":"https:\/\/lebenstanz.info\/fr\/accueil\/"},{"@type":"ListItem","position":2,"name":"DES BRANCHES LUMINEUSES"}]},{"@type":"WebSite","@id":"https:\/\/lebenstanz.info\/fr\/#website","url":"https:\/\/lebenstanz.info\/fr\/","name":"Lebenstanz","description":"Ein Traum ist Wirklichkeit","publisher":{"@id":"https:\/\/lebenstanz.info\/fr\/#organization"},"potentialAction":[{"@type":"SearchAction","target":{"@type":"EntryPoint","urlTemplate":"https:\/\/lebenstanz.info\/fr\/?s={search_term_string}"},"query-input":{"@type":"PropertyValueSpecification","valueRequired":true,"valueName":"search_term_string"}}],"inLanguage":"fr-FR"},{"@type":"Organization","@id":"https:\/\/lebenstanz.info\/fr\/#organization","name":"Lebenstanz","url":"https:\/\/lebenstanz.info\/fr\/","logo":{"@type":"ImageObject","inLanguage":"fr-FR","@id":"https:\/\/lebenstanz.info\/fr\/#\/schema\/logo\/image\/","url":"https:\/\/lebenstanz.info\/wp-content\/uploads\/2021\/10\/Logo_Lebenstanz_160.png","contentUrl":"https:\/\/lebenstanz.info\/wp-content\/uploads\/2021\/10\/Logo_Lebenstanz_160.png","width":160,"height":160,"caption":"Lebenstanz"},"image":{"@id":"https:\/\/lebenstanz.info\/fr\/#\/schema\/logo\/image\/"},"sameAs":["https:\/\/www.facebook.com\/lebenstanzinfo\/"]}]}},"_links":{"self":[{"href":"https:\/\/lebenstanz.info\/fr\/wp-json\/wp\/v2\/pages\/3207","targetHints":{"allow":["GET"]}}],"collection":[{"href":"https:\/\/lebenstanz.info\/fr\/wp-json\/wp\/v2\/pages"}],"about":[{"href":"https:\/\/lebenstanz.info\/fr\/wp-json\/wp\/v2\/types\/page"}],"author":[{"embeddable":true,"href":"https:\/\/lebenstanz.info\/fr\/wp-json\/wp\/v2\/users\/1"}],"replies":[{"embeddable":true,"href":"https:\/\/lebenstanz.info\/fr\/wp-json\/wp\/v2\/comments?post=3207"}],"version-history":[{"count":10,"href":"https:\/\/lebenstanz.info\/fr\/wp-json\/wp\/v2\/pages\/3207\/revisions"}],"predecessor-version":[{"id":5076,"href":"https:\/\/lebenstanz.info\/fr\/wp-json\/wp\/v2\/pages\/3207\/revisions\/5076"}],"wp:attachment":[{"href":"https:\/\/lebenstanz.info\/fr\/wp-json\/wp\/v2\/media?parent=3207"}],"curies":[{"name":"wp","href":"https:\/\/api.w.org\/{rel}","templated":true}]}}